{"id":295,"date":"2025-03-19T20:11:52","date_gmt":"2025-03-19T19:11:52","guid":{"rendered":"https:\/\/et-si-st-lunaire.fr\/?page_id=295"},"modified":"2025-03-23T21:10:12","modified_gmt":"2025-03-23T20:10:12","slug":"mentions-legales","status":"publish","type":"page","link":"https:\/\/et-si-st-lunaire.fr\/?page_id=295","title":{"rendered":"Mentions l\u00e9gales"},"content":{"rendered":"\n<div class=\"wp-block-group is-layout-flow wp-block-group-is-layout-flow\" style=\"margin-bottom:var(--wp--preset--spacing--40);padding-right:var(--wp--preset--spacing--60);padding-left:var(--wp--preset--spacing--60)\">\n<h1 class=\"wp-block-heading\">Mentions l\u00e9gales<\/h1>\n\n\n\n<p>Le pr\u00e9sent site internet est \u00e9dit\u00e9 par l&rsquo;association <strong>Et Si Saint-Lunaire C&rsquo;\u00e9tait Vous&#8230;<\/strong> d\u00e9sign\u00e9 par le terme&nbsp;<strong>Propri\u00e9taire<\/strong>&nbsp;dans le texte de ces mentions l\u00e9gales.<\/p>\n\n\n\n<p>Le si\u00e8ge social du Propri\u00e9taire est situ\u00e9 \u00e0 Saint-Lunaire (35800)<\/p>\n\n\n\n<p>Le responsable de publication est : <strong>Jean-Baptiste Tr\u00e9glos<\/strong><\/p>\n\n\n\n<p>Ce site internet a \u00e9t\u00e9 con\u00e7u et est h\u00e9berg\u00e9 par l&rsquo;association <strong>Et Si Saint-Lunaire C&rsquo;\u00e9tait Vous&#8230;<\/strong><\/p>\n\n\n\n<h3 class=\"wp-block-heading\">Propri\u00e9t\u00e9<\/h3>\n\n\n\n<p>L&rsquo;ensemble de ce site rel\u00e8ve de la l\u00e9gislation fran\u00e7aise et internationale sur le droit d&rsquo;auteur et la propri\u00e9t\u00e9 intellectuelle.<\/p>\n\n\n\n<p>Toute reproduction ou repr\u00e9sentation int\u00e9grale ou partielle faite sans le consentement du <strong>Propri\u00e9taire<\/strong> est illicite et constitue une contrefa\u00e7on sanctionn\u00e9e p\u00e9nalement par les articles L335-2 et suivants du Code de la propri\u00e9t\u00e9 intellectuelle.<\/p>\n\n\n\n<p>Les repr\u00e9sentations iconographiques et photographiques contenues dans ce site sont utilis\u00e9es avec l&rsquo;accord de leurs auteurs.<\/p>\n\n\n\n<p>Les liens hypertextes mis en place dans le cadre du pr\u00e9sent site web en direction d&rsquo;autres ressources pr\u00e9sentes sur le r\u00e9seau internet, ne sauraient engager la responsabilit\u00e9 du <strong>Propri\u00e9taire<\/strong>.<\/p>\n\n\n\n<p>Les utilisateurs du pr\u00e9sent site web ne peuvent mettre en place un lien hypertexte en direction de ce site sans l&rsquo;autorisation pr\u00e9alable du <strong>Propri\u00e9taire<\/strong>.<\/p>\n\n\n\n<h3 class=\"wp-block-heading\">Contenu du site<\/h3>\n\n\n\n<p>Le <strong>Propri\u00e9taire<\/strong> se r\u00e9serve le droit de modifier \u00e0 tout moment les informations contenues dans ce site internet et notamment en les actualisant.<\/p>\n\n\n\n<p>Les informations pr\u00e9sentes dans ce site internet sont \u00e0 titre indicatif et ne sont en aucun cas contractuelles.<\/p>\n\n\n\n<p>Le <strong>Propri\u00e9taire<\/strong> met \u00e0 disposition des utilisateurs de ce site internet des informations v\u00e9rifi\u00e9es, mais ne saurait \u00eatre tenu pour responsable des erreurs ou de l&rsquo;indisponibilit\u00e9 de certaines informations.<\/p>\n\n\n\n<p>Nous remercions les utilisateurs de ce site internet de nous faire part de toute omission, erreur ou correction, en adressant un mail via le&nbsp;<a href=\"https:\/\/et-si-st-lunaire.fr\/?page_id=64\" data-type=\"page\" data-id=\"64\">formulaire de contact<\/a>.<\/p>\n\n\n\n<h3 class=\"wp-block-heading\">Responsabilit\u00e9<\/h3>\n\n\n\n<p>En tant qu&rsquo;utilisateur du site, il appartient \u00e0 l&rsquo;internaute visiteur de prendre toutes les mesures appropri\u00e9es de fa\u00e7on \u00e0 prot\u00e9ger ses propres donn\u00e9es et\/ou logiciels de la contamination par des \u00e9ventuels virus circulant sur le r\u00e9seau Internet.<\/p>\n\n\n\n<p>La responsabilit\u00e9 du <strong>Propri\u00e9taire<\/strong> ne saurait \u00eatre engag\u00e9e pour tout inconv\u00e9nient ou dommage inh\u00e9rents \u00e0 l&rsquo;utilisation du r\u00e9seau Internet, notamment une rupture de service, une intrusion ext\u00e9rieure ou la pr\u00e9sence de virus informatiques.<\/p>\n\n\n\n<p>L&rsquo;utilisateur de ce site internet reconna\u00eet disposer des moyens n\u00e9cessaires pour acc\u00e9der et utiliser ce site internet. L&rsquo;utilisateur est tenu de respecter les dispositions de la loi relative \u00e0 l&rsquo;informatique, aux fichiers et aux libert\u00e9s, dont la violation est passible de sanctions p\u00e9nales. Il doit notamment s&rsquo;abstenir, s&rsquo;agissant d&rsquo;informations nominatives auxquelles il acc\u00e8de, de toute collecte, de toute utilisation d\u00e9tourn\u00e9e et d&rsquo;une mani\u00e8re g\u00e9n\u00e9rale, de tout acte susceptible de porter atteinte \u00e0 la vie priv\u00e9e ou \u00e0 la r\u00e9putation des personnes.<\/p>\n\n\n\n<h3 class=\"wp-block-heading\">Traitement des donn\u00e9es personnelles<\/h3>\n\n\n\n<h4 class=\"wp-block-heading\">Responsable de traitement<\/h4>\n\n\n\n<p>Le <strong>Propri\u00e9taire<\/strong> est responsable de traitement.<\/p>\n\n\n\n<h4 class=\"wp-block-heading\">Finalit\u00e9s<\/h4>\n\n\n\n<p>Le responsable de traitement met en \u0153uvre un traitement de donn\u00e9es ayant pour finalit\u00e9 la constitution, le traitement, la gestion et le suivi des demandes envoy\u00e9es via les formulaires du site internet. Ces donn\u00e9es pourront \u00e9galement \u00eatre utilis\u00e9es sauf opposition de votre part \u00e0 des fins de communication de l&rsquo;activit\u00e9 de l&rsquo;association.<\/p>\n\n\n\n<h4 class=\"wp-block-heading\">Bases juridiques<\/h4>\n\n\n\n<p>Le traitement est fond\u00e9 sur l\u2019int\u00e9r\u00eat l\u00e9gitime du responsable de traitement pour les finalit\u00e9s suivantes :<\/p>\n\n\n\n<ul class=\"wp-block-list\">\n<li style=\"margin-left:var(--wp--preset--spacing--30)\">R\u00e9ponse aux demandes des personnes ayant souhait\u00e9 entrer en contact avec lui<\/li>\n\n\n\n<li style=\"margin-left:var(--wp--preset--spacing--30)\">Information et communication sur l&rsquo;activit\u00e9 de l&rsquo;association.<\/li>\n<\/ul>\n\n\n\n<h4 class=\"wp-block-heading\">Les donn\u00e9es et leur conservation<\/h4>\n\n\n\n<p>Les informations obligatoires pour r\u00e9pondre \u00e0 votre message sont signal\u00e9es par un ast\u00e9risque. A d\u00e9faut de ces informations, nous ne pourrons pas r\u00e9pondre \u00e0 votre demande.<\/p>\n\n\n\n<p>Les donn\u00e9es r\u00e9colt\u00e9es sont conserv\u00e9es pendant toute la dur\u00e9e des \u00e9changes.<\/p>\n\n\n\n<h4 class=\"wp-block-heading\">Les destinataires des donn\u00e9es<\/h4>\n\n\n\n<p>Les donn\u00e9es sont destin\u00e9es aux services habilit\u00e9s du <strong>Propri\u00e9taire<\/strong> en fonction de l&rsquo;objet de la demande.<\/p>\n\n\n\n<h4 class=\"wp-block-heading\">Vos droits<\/h4>\n\n\n\n<p>Conform\u00e9ment aux dispositions de la loi 78-17 du 6 janvier 1978 et du r\u00e8glement europ\u00e9en en mati\u00e8re de protection des donn\u00e9es \u00e0 caract\u00e8re personnel, dans les conditions d\u00e9finies par les dispositions pr\u00e9cit\u00e9es, vous disposez d\u2019un droit d\u2019acc\u00e8s, de rectification, d\u2019effacement de vos donn\u00e9es \u00e0 caract\u00e8re personnel, \u00e0 la limitation du traitement, \u00e0 la portabilit\u00e9 de vos donn\u00e9es.<\/p>\n\n\n\n<p>Lorsque votre consentement est sollicit\u00e9, vous disposez du droit de retirer votre consentement, \u00e0 tout moment, sans porter atteinte \u00e0 la l\u00e9gitimit\u00e9 du traitement fond\u00e9 sur le consentement effectu\u00e9 avant le retrait de celui-ci.<br>Vous disposez du droit de s\u2019opposer \u00e0 tout moment, pour des raisons tenant \u00e0 votre situation particuli\u00e8re, \u00e0 un traitement de donn\u00e9es \u00e0 caract\u00e8re personnel dont la base juridique est l\u2019int\u00e9r\u00eat l\u00e9gitime poursuivi par le responsable du traitement ou \u00e0 la prospection commerciale y compris le profilage.<br>En cas d\u2019exercice d\u2019un tel droit d\u2019opposition, le responsable de traitement veillera \u00e0 ne plus traiter les donn\u00e9es \u00e0 caract\u00e8re personnel dans le cadre du traitement concern\u00e9 sauf s\u2019il peut d\u00e9montrer qu\u2019il peut avoir des motifs l\u00e9gitimes et imp\u00e9rieux pour maintenir ce traitement. Ces motifs devront \u00eatre sup\u00e9rieurs aux int\u00e9r\u00eats et aux droits et libert\u00e9s de l\u2019utilisateur, ou le traitement se justifier pour la constatation, l&rsquo;exercice ou la d\u00e9fense de droits en justice.<br>Par ailleurs, vous disposez \u00e9galement du droit de d\u00e9finir des directives relatives \u00e0 la conservation, \u00e0 l\u2019effacement et \u00e0 la communication de vos donn\u00e9es \u00e0 caract\u00e8re personnel apr\u00e8s votre d\u00e9c\u00e8s. La communication de directives sp\u00e9cifiques post-mortem et l\u2019exercice des droits peuvent \u00eatre exerc\u00e9s aupr\u00e8s du d\u00e9l\u00e9gu\u00e9 \u00e0 la protection des donn\u00e9es par message \u00e9lectronique via le&nbsp;<a href=\"https:\/\/et-si-st-lunaire.fr\/?page_id=64\" data-type=\"page\" data-id=\"64\">formulaire de contact<\/a>&nbsp;de ce site.<\/p>\n\n\n\n<p>Vous avez \u00e9galement la possibilit\u00e9 d\u2019introduire une r\u00e9clamation aupr\u00e8s de la CNIL \u00e0 l\u2019adresse suivante : 3 Place de Fontenoy \u2013 TSA 80715 \u2013 75334 PARIS CEDEX 07.<\/p>\n\n\n\n<h4 class=\"wp-block-heading\">Cookies &amp; sessions<\/h4>\n\n\n\n<p>Le pr\u00e9sent site internet n&rsquo;utilise que des cookies et sessions strictement n\u00e9cessaires au bon fonctionnement de son service :<\/p>\n\n\n\n<ul style=\"margin-left:var(--wp--preset--spacing--30)\" class=\"wp-block-list\">\n<li>Session d&rsquo;identification dont la dur\u00e9e de vie ne d\u00e9passe pas la session ouverte par votre navigateur<\/li>\n\n\n\n<li>Cookies cr\u00e9\u00e9s par la solution de CMS WordPress utilis\u00e9e par ce site<\/li>\n<\/ul>\n<\/div>\n","protected":false},"excerpt":{"rendered":"<p>Mentions l\u00e9gales Le pr\u00e9sent site internet est \u00e9dit\u00e9 par l&rsquo;association Et Si Saint-Lunaire C&rsquo;\u00e9tait Vous&#8230; d\u00e9sign\u00e9 par le terme&nbsp;Propri\u00e9taire&nbsp;dans le texte de ces mentions l\u00e9gales. Le si\u00e8ge social du Propri\u00e9taire est situ\u00e9 \u00e0 Saint-Lunaire (35800) Le responsable de publication est : Jean-Baptiste Tr\u00e9glos Ce site internet a \u00e9t\u00e9 con\u00e7u et est h\u00e9berg\u00e9 par l&rsquo;association Et [&hellip;]<\/p>\n","protected":false},"author":1,"featured_media":0,"parent":0,"menu_order":0,"comment_status":"closed","ping_status":"closed","template":"","meta":{"pgc_sgb_lightbox_settings":"","footnotes":""},"class_list":["post-295","page","type-page","status-publish","hentry"],"_links":{"self":[{"href":"https:\/\/et-si-st-lunaire.fr\/index.php?rest_route=\/wp\/v2\/pages\/295","targetHints":{"allow":["GET"]}}],"collection":[{"href":"https:\/\/et-si-st-lunaire.fr\/index.php?rest_route=\/wp\/v2\/pages"}],"about":[{"href":"https:\/\/et-si-st-lunaire.fr\/index.php?rest_route=\/wp\/v2\/types\/page"}],"author":[{"embeddable":true,"href":"https:\/\/et-si-st-lunaire.fr\/index.php?rest_route=\/wp\/v2\/users\/1"}],"replies":[{"embeddable":true,"href":"https:\/\/et-si-st-lunaire.fr\/index.php?rest_route=%2Fwp%2Fv2%2Fcomments&post=295"}],"version-history":[{"count":9,"href":"https:\/\/et-si-st-lunaire.fr\/index.php?rest_route=\/wp\/v2\/pages\/295\/revisions"}],"predecessor-version":[{"id":305,"href":"https:\/\/et-si-st-lunaire.fr\/index.php?rest_route=\/wp\/v2\/pages\/295\/revisions\/305"}],"wp:attachment":[{"href":"https:\/\/et-si-st-lunaire.fr\/index.php?rest_route=%2Fwp%2Fv2%2Fmedia&parent=295"}],"curies":[{"name":"wp","href":"https:\/\/api.w.org\/{rel}","templated":true}]}}