{"id":126,"date":"2025-03-15T14:52:45","date_gmt":"2025-03-15T13:52:45","guid":{"rendered":"https:\/\/et-si-st-lunaire.fr\/?page_id=126"},"modified":"2026-01-21T14:49:21","modified_gmt":"2026-01-21T13:49:21","slug":"accueil","status":"publish","type":"page","link":"https:\/\/et-si-st-lunaire.fr\/","title":{"rendered":"accueil"},"content":{"rendered":"\n<div class=\"wp-block-group has-global-padding is-layout-constrained wp-container-core-group-is-layout-2e2da7d6 wp-block-group-is-layout-constrained\" style=\"margin-bottom:var(--wp--preset--spacing--40);padding-right:var(--wp--preset--spacing--20);padding-left:var(--wp--preset--spacing--20)\">\n<p class=\"has-text-align-left has-ar-one-sans-font-family\" style=\"line-height:1.5\">La <a href=\"https:\/\/et-si-st-lunaire.fr\/?p=306\" data-type=\"post\" data-id=\"306\" target=\"_blank\" rel=\"noreferrer noopener\">d\u00e9mocratie participative<\/a> permet de repenser la vie locale, en donnant la parole \u00e0 toutes et tous, pour faire face ensemble aux d\u00e9fis de notre \u00e9poque.<\/p>\n\n\n\n<p class=\"has-text-align-left has-ar-one-sans-font-family\" style=\"line-height:1.5\">C&rsquo;est pr\u00e9cis\u00e9ment l\u2019objectif de l\u2019association <strong>Et si Saint-Lunaire c\u2019\u00e9tait Vous\u2026<\/strong> : faire de Saint-Lunaire un espace de d\u00e9mocratie locale r\u00e9invent\u00e9e par ses habitantes et habitants. Rencontres, d\u00e9bats, \u00e9v\u00e9nements citoyens\u2026 \u00c9coutons-nous, tissons des liens, imaginons le Saint-Lunaire de demain, en toute libert\u00e9 !<\/p>\n\n\n\n<p class=\"has-text-align-right has-custom-bleu-marine-color has-text-color has-link-color wp-elements-fcd4f863669664f1a02da671d1591e1f\" style=\"line-height:1.2\"><a href=\"https:\/\/et-si-st-lunaire.fr\/?page_id=124\" data-type=\"page\" data-id=\"124\">Lire la suite&#8230;<\/a><\/p>\n<\/div>\n\n\n\n<div class=\"wp-block-group has-border-color has-base-2-border-color has-base-2-background-color has-background has-global-padding is-layout-constrained wp-container-core-group-is-layout-f278350d wp-block-group-is-layout-constrained\" style=\"border-style:dotted;border-width:2px;margin-top:var(--wp--preset--spacing--20);margin-bottom:var(--wp--preset--spacing--20);padding-top:0;padding-right:var(--wp--preset--spacing--30);padding-bottom:0;padding-left:var(--wp--preset--spacing--30)\">\n<h3 class=\"wp-block-heading\">R\u00e9sultats de la Grande Enqu\u00eate Citoyenne<\/h3>\n\n\n\n<p class=\"has-small-font-size\">En octobre, l\u2019association a organis\u00e9 une grande enqu\u00eate citoyenne, distribu\u00e9e dans toutes les bo\u00eetes aux lettres et disponible en ligne, pour mieux comprendre le ressenti, les pr\u00e9occupations et priorit\u00e9s pour l\u2019avenir des habitantes et des habitants de Saint-Lunaire. Fid\u00e8les \u00e0 notre engagement de transparence, nous partagerons ici les r\u00e9sultats de cette enqu\u00eate.<\/p>\n\n\n\n<div data-wp-interactive=\"core\/file\" class=\"wp-block-file\"><object data-wp-bind--hidden=\"!state.hasPdfPreview\" hidden class=\"wp-block-file__embed\" data=\"https:\/\/et-si-st-lunaire.fr\/wp-content\/uploads\/2026\/01\/Restitution-de-la-Grande-Enquete-Citoyenne.pdf\" type=\"application\/pdf\" style=\"width:100%;height:600px\" aria-label=\"Contenu embarqu\u00e9 Restitution de la Grande Enque\u0302te Citoyenne.\"><\/object><a id=\"wp-block-file--media-7df3e53a-a1ad-47bb-adc0-592cb48241a7\" href=\"https:\/\/et-si-st-lunaire.fr\/wp-content\/uploads\/2026\/01\/Restitution-de-la-Grande-Enquete-Citoyenne.pdf\">Restitution de la Grande Enque\u0302te Citoyenne<\/a><a href=\"https:\/\/et-si-st-lunaire.fr\/wp-content\/uploads\/2026\/01\/Restitution-de-la-Grande-Enquete-Citoyenne.pdf\" class=\"wp-block-file__button wp-element-button\" download aria-describedby=\"wp-block-file--media-7df3e53a-a1ad-47bb-adc0-592cb48241a7\">T\u00e9l\u00e9charger<\/a><\/div>\n<\/div>\n\n\n\n<div class=\"wp-block-group has-global-padding is-layout-constrained wp-container-core-group-is-layout-2daf06d7 wp-block-group-is-layout-constrained\" style=\"margin-top:var(--wp--preset--spacing--40);margin-bottom:var(--wp--preset--spacing--40);padding-right:var(--wp--preset--spacing--20);padding-left:var(--wp--preset--spacing--20)\">\n<h3 class=\"wp-block-heading has-custom-corail-color has-text-color has-link-color wp-elements-18a9b7a4bb7f6d32c48a984aa6c876c2\">La liste citoyenne \u00ab\u00a0<a href=\"https:\/\/stlunaire-c-vous.fr\/\" data-type=\"link\" data-id=\"https:\/\/stlunaire-c-vous.fr\/\">Saint-Lunaire c&rsquo;est Vous<\/a>\u00a0\u00bb est lanc\u00e9e !<\/h3>\n\n\n\n<figure class=\"wp-block-image size-full\"><img loading=\"lazy\" decoding=\"async\" width=\"810\" height=\"450\" src=\"https:\/\/et-si-st-lunaire.fr\/wp-content\/uploads\/2025\/12\/Saint-Lunaire-cest-Vous-header.jpeg\" alt=\"Liste Saint-Lunaire c'est Vous\" class=\"wp-image-740\" srcset=\"https:\/\/et-si-st-lunaire.fr\/wp-content\/uploads\/2025\/12\/Saint-Lunaire-cest-Vous-header.jpeg 810w, https:\/\/et-si-st-lunaire.fr\/wp-content\/uploads\/2025\/12\/Saint-Lunaire-cest-Vous-header-300x167.jpeg 300w, https:\/\/et-si-st-lunaire.fr\/wp-content\/uploads\/2025\/12\/Saint-Lunaire-cest-Vous-header-768x427.jpeg 768w\" sizes=\"auto, (max-width: 810px) 100vw, 810px\" \/><\/figure>\n\n\n\n<p>Fruit de la dynamique de d\u00e9mocratie participative anim\u00e9e toute l\u2019ann\u00e9e 2025 par l\u2019association \u00ab Et si Saint-Lunaire c\u2019\u00e9tait Vous&#8230; \u00bb, une liste citoyenne voit le jour. Nous avons toujours dit qu\u2019une liste citoyenne \u00e9manerait potentiellement de cette r\u00e9flexion collective. Aujourd\u2019hui nous y sommes.<\/p>\n\n\n\n<p class=\"has-text-align-right\"><a href=\"https:\/\/et-si-st-lunaire.fr\/?p=739\" data-type=\"link\" data-id=\"https:\/\/et-si-st-lunaire.fr\/?p=739\">Lire la suite<\/a><\/p>\n\n\n\n<h4 class=\"wp-block-heading\">Consultation citoyenne, l&rsquo;heure du bilan&nbsp;<\/h4>\n\n\n<div class=\"pgc-sgb-cb wp-block-pgcsimplygalleryblock-grid \" data-gallery-id=\"24747944\"><div class=\"sgb-preloader\" id=\"pr_24747944\">\n\t<div class=\"sgb-square\" style=\"background:#d4d4d4\"><\/div>\n\t<div class=\"sgb-square\" style=\"background:#d4d4d4\"><\/div>\n\t<div class=\"sgb-square\" style=\"background:#d4d4d4\"><\/div>\n\t<div class=\"sgb-square\" style=\"background:#d4d4d4\"><\/div><\/div><div class=\"simply-gallery-amp pgc_sgb_slider \"><noscript><div class=\"sgb-gallery\"><div class=\"sgb-item\"><a href=\"https:\/\/et-si-st-lunaire.fr\/?attachment_id=619\" target=\"_blank\"><img decoding=\"async\" alt=\"\" width=\"300\" height=\"225\" loading=\"lazy\" src=\"https:\/\/et-si-st-lunaire.fr\/wp-content\/uploads\/2025\/07\/IMG_0218-300x225.jpg\" srcset=\"https:\/\/et-si-st-lunaire.fr\/wp-content\/uploads\/2025\/07\/IMG_0218-300x225.jpg 300w,https:\/\/et-si-st-lunaire.fr\/wp-content\/uploads\/2025\/07\/IMG_0218-1024x768.jpg 1024w,https:\/\/et-si-st-lunaire.fr\/wp-content\/uploads\/2025\/07\/IMG_0218.jpg 2048w\" sizes=\"auto, 250px\"\/><\/a><\/div><div class=\"sgb-item\"><a href=\"https:\/\/et-si-st-lunaire.fr\/?attachment_id=530\" target=\"_blank\"><img decoding=\"async\" alt=\"\" width=\"300\" height=\"200\" loading=\"lazy\" src=\"https:\/\/et-si-st-lunaire.fr\/wp-content\/uploads\/2025\/05\/gwenaelle-300x200.jpg\" srcset=\"https:\/\/et-si-st-lunaire.fr\/wp-content\/uploads\/2025\/05\/gwenaelle-300x200.jpg 300w,https:\/\/et-si-st-lunaire.fr\/wp-content\/uploads\/2025\/05\/gwenaelle-1024x684.jpg 1024w,https:\/\/et-si-st-lunaire.fr\/wp-content\/uploads\/2025\/05\/gwenaelle.jpg 2048w\" sizes=\"auto, 250px\"\/><\/a><\/div><div class=\"sgb-item\"><a href=\"https:\/\/et-si-st-lunaire.fr\/?attachment_id=690\" target=\"_blank\"><img decoding=\"async\" alt=\"\" width=\"300\" height=\"225\" loading=\"lazy\" src=\"https:\/\/et-si-st-lunaire.fr\/wp-content\/uploads\/2025\/09\/PHOTO-2025-09-23-15-03-01-300x225.jpg\" srcset=\"https:\/\/et-si-st-lunaire.fr\/wp-content\/uploads\/2025\/09\/PHOTO-2025-09-23-15-03-01-300x225.jpg 300w,https:\/\/et-si-st-lunaire.fr\/wp-content\/uploads\/2025\/09\/PHOTO-2025-09-23-15-03-01-1024x768.jpg 1024w,https:\/\/et-si-st-lunaire.fr\/wp-content\/uploads\/2025\/09\/PHOTO-2025-09-23-15-03-01.jpg 1600w\" sizes=\"auto, 250px\"\/><\/a><\/div><div class=\"sgb-item\"><a href=\"https:\/\/et-si-st-lunaire.fr\/?attachment_id=625\" target=\"_blank\"><img decoding=\"async\" alt=\"\" width=\"300\" height=\"225\" loading=\"lazy\" src=\"https:\/\/et-si-st-lunaire.fr\/wp-content\/uploads\/2025\/07\/IMG_0212-300x225.jpg\" srcset=\"https:\/\/et-si-st-lunaire.fr\/wp-content\/uploads\/2025\/07\/IMG_0212-300x225.jpg 300w,https:\/\/et-si-st-lunaire.fr\/wp-content\/uploads\/2025\/07\/IMG_0212-1024x768.jpg 1024w,https:\/\/et-si-st-lunaire.fr\/wp-content\/uploads\/2025\/07\/IMG_0212.jpg 2048w\" sizes=\"auto, 250px\"\/><\/a><\/div><div class=\"sgb-item\"><a href=\"https:\/\/et-si-st-lunaire.fr\/?attachment_id=516\" target=\"_blank\"><img decoding=\"async\" alt=\"\" width=\"300\" height=\"225\" loading=\"lazy\" src=\"https:\/\/et-si-st-lunaire.fr\/wp-content\/uploads\/2025\/05\/ambiance-5-300x225.jpeg\" srcset=\"https:\/\/et-si-st-lunaire.fr\/wp-content\/uploads\/2025\/05\/ambiance-5-300x225.jpeg 300w,https:\/\/et-si-st-lunaire.fr\/wp-content\/uploads\/2025\/05\/ambiance-5-1024x768.jpeg 1024w,https:\/\/et-si-st-lunaire.fr\/wp-content\/uploads\/2025\/05\/ambiance-5.jpeg 1600w\" sizes=\"auto, 250px\"\/><\/a><\/div><div class=\"sgb-item\"><a href=\"https:\/\/et-si-st-lunaire.fr\/?attachment_id=521\" target=\"_blank\"><img decoding=\"async\" alt=\"\" width=\"200\" height=\"300\" loading=\"lazy\" src=\"https:\/\/et-si-st-lunaire.fr\/wp-content\/uploads\/2025\/05\/temps-convivialite-1-200x300.jpg\" srcset=\"https:\/\/et-si-st-lunaire.fr\/wp-content\/uploads\/2025\/05\/temps-convivialite-1-200x300.jpg 200w,https:\/\/et-si-st-lunaire.fr\/wp-content\/uploads\/2025\/05\/temps-convivialite-1-684x1024.jpg 684w,https:\/\/et-si-st-lunaire.fr\/wp-content\/uploads\/2025\/05\/temps-convivialite-1.jpg 1367w\" sizes=\"auto, 250px\"\/><\/a><\/div><\/div><\/noscript><\/div><script type=\"application\/json\" class=\"sgb-data\">{\"galleryType\":\"pgc_sgb_grid\",\"galleryId\":\"24747944\",\"images\":[{\"id\":619,\"title\":\"IMG_0218\",\"url\":\"https:\/\/et-si-st-lunaire.fr\/wp-content\/uploads\/2025\/07\/IMG_0218.jpg\",\"link\":\"https:\/\/et-si-st-lunaire.fr\/?attachment_id=619\",\"alt\":\"\",\"description\":\"\",\"caption\":\"\",\"mime\":\"image\/jpeg\",\"type\":\"image\",\"width\":2048,\"height\":1536,\"sizes\":{\"thumbnail\":{\"height\":150,\"width\":150,\"url\":\"https:\/\/et-si-st-lunaire.fr\/wp-content\/uploads\/2025\/07\/IMG_0218-150x150.jpg\",\"orientation\":\"landscape\"},\"medium\":{\"height\":225,\"width\":300,\"url\":\"https:\/\/et-si-st-lunaire.fr\/wp-content\/uploads\/2025\/07\/IMG_0218-300x225.jpg\",\"orientation\":\"landscape\"},\"large\":{\"height\":768,\"width\":1024,\"url\":\"https:\/\/et-si-st-lunaire.fr\/wp-content\/uploads\/2025\/07\/IMG_0218-1024x768.jpg\",\"orientation\":\"landscape\"},\"full\":{\"url\":\"https:\/\/et-si-st-lunaire.fr\/wp-content\/uploads\/2025\/07\/IMG_0218.jpg\",\"height\":1536,\"width\":2048,\"orientation\":\"landscape\"}},\"imageMeta\":{\"aperture\":\"0\",\"credit\":\"\",\"camera\":\"\",\"caption\":\"\",\"created_timestamp\":\"0\",\"copyright\":\"\",\"focal_length\":\"0\",\"iso\":\"0\",\"shutter_speed\":\"0\",\"title\":\"\",\"orientation\":\"1\",\"keywords\":[]},\"meta\":false,\"postlink\":\"https:\/\/et-si-st-lunaire.fr\/?attachment_id=619\"},{\"id\":530,\"title\":\"gwenae\u0308lle\",\"url\":\"https:\/\/et-si-st-lunaire.fr\/wp-content\/uploads\/2025\/05\/gwenaelle.jpg\",\"link\":\"https:\/\/et-si-st-lunaire.fr\/?attachment_id=530\",\"alt\":\"\",\"description\":\"\",\"caption\":\"\",\"mime\":\"image\/jpeg\",\"type\":\"image\",\"width\":2048,\"height\":1367,\"sizes\":{\"thumbnail\":{\"height\":150,\"width\":150,\"url\":\"https:\/\/et-si-st-lunaire.fr\/wp-content\/uploads\/2025\/05\/gwenaelle-150x150.jpg\",\"orientation\":\"landscape\"},\"medium\":{\"height\":200,\"width\":300,\"url\":\"https:\/\/et-si-st-lunaire.fr\/wp-content\/uploads\/2025\/05\/gwenaelle-300x200.jpg\",\"orientation\":\"landscape\"},\"large\":{\"height\":684,\"width\":1024,\"url\":\"https:\/\/et-si-st-lunaire.fr\/wp-content\/uploads\/2025\/05\/gwenaelle-1024x684.jpg\",\"orientation\":\"landscape\"},\"full\":{\"url\":\"https:\/\/et-si-st-lunaire.fr\/wp-content\/uploads\/2025\/05\/gwenaelle.jpg\",\"height\":1367,\"width\":2048,\"orientation\":\"landscape\"}},\"imageMeta\":{\"aperture\":\"2.8\",\"credit\":\"\",\"camera\":\"NIKON D810\",\"caption\":\"\",\"created_timestamp\":\"1745774988\",\"copyright\":\"\",\"focal_length\":\"70\",\"iso\":\"400\",\"shutter_speed\":\"0.025\",\"title\":\"\",\"orientation\":\"1\",\"keywords\":[]},\"meta\":false,\"postlink\":\"https:\/\/et-si-st-lunaire.fr\/?attachment_id=530\"},{\"id\":690,\"title\":\"PHOTO-2025-09-23-15-03-01\",\"url\":\"https:\/\/et-si-st-lunaire.fr\/wp-content\/uploads\/2025\/09\/PHOTO-2025-09-23-15-03-01.jpg\",\"link\":\"https:\/\/et-si-st-lunaire.fr\/?attachment_id=690\",\"alt\":\"\",\"description\":\"\",\"caption\":\"\",\"mime\":\"image\/jpeg\",\"type\":\"image\",\"width\":1600,\"height\":1200,\"sizes\":{\"thumbnail\":{\"height\":150,\"width\":150,\"url\":\"https:\/\/et-si-st-lunaire.fr\/wp-content\/uploads\/2025\/09\/PHOTO-2025-09-23-15-03-01-150x150.jpg\",\"orientation\":\"landscape\"},\"medium\":{\"height\":225,\"width\":300,\"url\":\"https:\/\/et-si-st-lunaire.fr\/wp-content\/uploads\/2025\/09\/PHOTO-2025-09-23-15-03-01-300x225.jpg\",\"orientation\":\"landscape\"},\"large\":{\"height\":768,\"width\":1024,\"url\":\"https:\/\/et-si-st-lunaire.fr\/wp-content\/uploads\/2025\/09\/PHOTO-2025-09-23-15-03-01-1024x768.jpg\",\"orientation\":\"landscape\"},\"full\":{\"url\":\"https:\/\/et-si-st-lunaire.fr\/wp-content\/uploads\/2025\/09\/PHOTO-2025-09-23-15-03-01.jpg\",\"height\":1200,\"width\":1600,\"orientation\":\"landscape\"}},\"imageMeta\":{\"aperture\":\"0\",\"credit\":\"\",\"camera\":\"\",\"caption\":\"\",\"created_timestamp\":\"0\",\"copyright\":\"\",\"focal_length\":\"0\",\"iso\":\"0\",\"shutter_speed\":\"0\",\"title\":\"\",\"orientation\":\"0\",\"keywords\":[]},\"meta\":false,\"postlink\":\"https:\/\/et-si-st-lunaire.fr\/?attachment_id=690\"},{\"id\":625,\"title\":\"IMG_0212\",\"url\":\"https:\/\/et-si-st-lunaire.fr\/wp-content\/uploads\/2025\/07\/IMG_0212.jpg\",\"link\":\"https:\/\/et-si-st-lunaire.fr\/?attachment_id=625\",\"alt\":\"\",\"description\":\"\",\"caption\":\"\",\"mime\":\"image\/jpeg\",\"type\":\"image\",\"width\":2048,\"height\":1536,\"sizes\":{\"thumbnail\":{\"height\":150,\"width\":150,\"url\":\"https:\/\/et-si-st-lunaire.fr\/wp-content\/uploads\/2025\/07\/IMG_0212-150x150.jpg\",\"orientation\":\"landscape\"},\"medium\":{\"height\":225,\"width\":300,\"url\":\"https:\/\/et-si-st-lunaire.fr\/wp-content\/uploads\/2025\/07\/IMG_0212-300x225.jpg\",\"orientation\":\"landscape\"},\"large\":{\"height\":768,\"width\":1024,\"url\":\"https:\/\/et-si-st-lunaire.fr\/wp-content\/uploads\/2025\/07\/IMG_0212-1024x768.jpg\",\"orientation\":\"landscape\"},\"full\":{\"url\":\"https:\/\/et-si-st-lunaire.fr\/wp-content\/uploads\/2025\/07\/IMG_0212.jpg\",\"height\":1536,\"width\":2048,\"orientation\":\"landscape\"}},\"imageMeta\":{\"aperture\":\"0\",\"credit\":\"\",\"camera\":\"\",\"caption\":\"\",\"created_timestamp\":\"0\",\"copyright\":\"\",\"focal_length\":\"0\",\"iso\":\"0\",\"shutter_speed\":\"0\",\"title\":\"\",\"orientation\":\"1\",\"keywords\":[]},\"meta\":false,\"postlink\":\"https:\/\/et-si-st-lunaire.fr\/?attachment_id=625\"},{\"id\":516,\"title\":\"ambiance 5\",\"url\":\"https:\/\/et-si-st-lunaire.fr\/wp-content\/uploads\/2025\/05\/ambiance-5.jpeg\",\"link\":\"https:\/\/et-si-st-lunaire.fr\/?attachment_id=516\",\"alt\":\"\",\"description\":\"\",\"caption\":\"\",\"mime\":\"image\/jpeg\",\"type\":\"image\",\"width\":1600,\"height\":1200,\"sizes\":{\"thumbnail\":{\"height\":150,\"width\":150,\"url\":\"https:\/\/et-si-st-lunaire.fr\/wp-content\/uploads\/2025\/05\/ambiance-5-150x150.jpeg\",\"orientation\":\"landscape\"},\"medium\":{\"height\":225,\"width\":300,\"url\":\"https:\/\/et-si-st-lunaire.fr\/wp-content\/uploads\/2025\/05\/ambiance-5-300x225.jpeg\",\"orientation\":\"landscape\"},\"large\":{\"height\":768,\"width\":1024,\"url\":\"https:\/\/et-si-st-lunaire.fr\/wp-content\/uploads\/2025\/05\/ambiance-5-1024x768.jpeg\",\"orientation\":\"landscape\"},\"full\":{\"url\":\"https:\/\/et-si-st-lunaire.fr\/wp-content\/uploads\/2025\/05\/ambiance-5.jpeg\",\"height\":1200,\"width\":1600,\"orientation\":\"landscape\"}},\"imageMeta\":{\"aperture\":\"0\",\"credit\":\"\",\"camera\":\"\",\"caption\":\"\",\"created_timestamp\":\"0\",\"copyright\":\"\",\"focal_length\":\"0\",\"iso\":\"0\",\"shutter_speed\":\"0\",\"title\":\"\",\"orientation\":\"1\",\"keywords\":[]},\"meta\":false,\"postlink\":\"https:\/\/et-si-st-lunaire.fr\/?attachment_id=516\"},{\"id\":521,\"title\":\"temps convivialite\u0301 1\",\"url\":\"https:\/\/et-si-st-lunaire.fr\/wp-content\/uploads\/2025\/05\/temps-convivialite-1.jpg\",\"link\":\"https:\/\/et-si-st-lunaire.fr\/?attachment_id=521\",\"alt\":\"\",\"description\":\"\",\"caption\":\"\",\"mime\":\"image\/jpeg\",\"type\":\"image\",\"width\":1367,\"height\":2048,\"sizes\":{\"thumbnail\":{\"height\":150,\"width\":150,\"url\":\"https:\/\/et-si-st-lunaire.fr\/wp-content\/uploads\/2025\/05\/temps-convivialite-1-150x150.jpg\",\"orientation\":\"landscape\"},\"medium\":{\"height\":300,\"width\":200,\"url\":\"https:\/\/et-si-st-lunaire.fr\/wp-content\/uploads\/2025\/05\/temps-convivialite-1-200x300.jpg\",\"orientation\":\"portrait\"},\"large\":{\"height\":1024,\"width\":684,\"url\":\"https:\/\/et-si-st-lunaire.fr\/wp-content\/uploads\/2025\/05\/temps-convivialite-1-684x1024.jpg\",\"orientation\":\"portrait\"},\"full\":{\"url\":\"https:\/\/et-si-st-lunaire.fr\/wp-content\/uploads\/2025\/05\/temps-convivialite-1.jpg\",\"height\":2048,\"width\":1367,\"orientation\":\"portrait\"}},\"imageMeta\":{\"aperture\":\"2.8\",\"credit\":\"\",\"camera\":\"NIKON D810\",\"caption\":\"\",\"created_timestamp\":\"1745776174\",\"copyright\":\"\",\"focal_length\":\"70\",\"iso\":\"400\",\"shutter_speed\":\"0.033333333333333\",\"title\":\"\",\"orientation\":\"1\",\"keywords\":[]},\"meta\":false,\"postlink\":\"https:\/\/et-si-st-lunaire.fr\/?attachment_id=521\"}],\"itemsMetaDataCollection\":[]}<\/script><script>(function(){if(window.PGC_SGB && window.PGC_SGB.searcher){window.PGC_SGB.searcher.initBlocks()}})()<\/script><\/div>\n\n\n<p>L&rsquo;ann\u00e9e 2025 aura \u00e9t\u00e9 marqu\u00e9e par une mobilisation hors du commun pour co-construire le Saint-Lunaire de demain, anim\u00e9e par l&rsquo;association \u00ab\u00a0Et si Saint-Lunaire c&rsquo;\u00e9tait Vous&#8230;\u00a0\u00bb. Retour sur les temps forts. <\/p>\n\n\n\n<p class=\"has-text-align-right\"><a href=\"https:\/\/et-si-st-lunaire.fr\/?p=729\" data-type=\"post\" data-id=\"688\">Lire la suite&#8230;<\/a><\/p>\n\n\n\n<p class=\"has-text-align-right\"><br><\/p>\n\n\n\n<h4 class=\"wp-block-heading\">Retour sur l&rsquo;apr\u00e8s-midi d&rsquo;accueil des nouveaux membres de l&rsquo;association du 13 septembre<\/h4>\n\n\n<div class=\"pgc-sgb-cb wp-block-pgcsimplygalleryblock-justified \" data-gallery-id=\"9bc27397\"><div class=\"sgb-preloader\" id=\"pr_9bc27397\">\n\t<div class=\"sgb-square\" style=\"background:#d4d4d4\"><\/div>\n\t<div class=\"sgb-square\" style=\"background:#d4d4d4\"><\/div>\n\t<div class=\"sgb-square\" style=\"background:#d4d4d4\"><\/div>\n\t<div class=\"sgb-square\" style=\"background:#d4d4d4\"><\/div><\/div><div class=\"simply-gallery-amp pgc_sgb_slider \"><noscript><div class=\"sgb-gallery\"><div class=\"sgb-item\"><a href=\"https:\/\/et-si-st-lunaire.fr\/?attachment_id=691\" target=\"_blank\"><img decoding=\"async\" alt=\"\" width=\"300\" height=\"225\" loading=\"lazy\" src=\"https:\/\/et-si-st-lunaire.fr\/wp-content\/uploads\/2025\/09\/PHOTO-2025-09-23-15-02-26-300x225.jpg\" srcset=\"https:\/\/et-si-st-lunaire.fr\/wp-content\/uploads\/2025\/09\/PHOTO-2025-09-23-15-02-26-300x225.jpg 300w,https:\/\/et-si-st-lunaire.fr\/wp-content\/uploads\/2025\/09\/PHOTO-2025-09-23-15-02-26-1024x768.jpg 1024w,https:\/\/et-si-st-lunaire.fr\/wp-content\/uploads\/2025\/09\/PHOTO-2025-09-23-15-02-26.jpg 1600w\" sizes=\"auto, 250px\"\/><\/a><\/div><div class=\"sgb-item\"><a href=\"https:\/\/et-si-st-lunaire.fr\/?attachment_id=690\" target=\"_blank\"><img decoding=\"async\" alt=\"\" width=\"300\" height=\"225\" loading=\"lazy\" src=\"https:\/\/et-si-st-lunaire.fr\/wp-content\/uploads\/2025\/09\/PHOTO-2025-09-23-15-03-01-300x225.jpg\" srcset=\"https:\/\/et-si-st-lunaire.fr\/wp-content\/uploads\/2025\/09\/PHOTO-2025-09-23-15-03-01-300x225.jpg 300w,https:\/\/et-si-st-lunaire.fr\/wp-content\/uploads\/2025\/09\/PHOTO-2025-09-23-15-03-01-1024x768.jpg 1024w,https:\/\/et-si-st-lunaire.fr\/wp-content\/uploads\/2025\/09\/PHOTO-2025-09-23-15-03-01.jpg 1600w\" sizes=\"auto, 250px\"\/><\/a><\/div><div class=\"sgb-item\"><a href=\"https:\/\/et-si-st-lunaire.fr\/?attachment_id=689\" target=\"_blank\"><img decoding=\"async\" alt=\"\" width=\"225\" height=\"300\" loading=\"lazy\" src=\"https:\/\/et-si-st-lunaire.fr\/wp-content\/uploads\/2025\/09\/PHOTO-2025-09-23-15-03-39-225x300.jpg\" srcset=\"https:\/\/et-si-st-lunaire.fr\/wp-content\/uploads\/2025\/09\/PHOTO-2025-09-23-15-03-39-225x300.jpg 225w,https:\/\/et-si-st-lunaire.fr\/wp-content\/uploads\/2025\/09\/PHOTO-2025-09-23-15-03-39-768x1024.jpg 768w,https:\/\/et-si-st-lunaire.fr\/wp-content\/uploads\/2025\/09\/PHOTO-2025-09-23-15-03-39.jpg 1200w\" sizes=\"auto, 250px\"\/><\/a><\/div><\/div><\/noscript><\/div><script type=\"application\/json\" class=\"sgb-data\">{\"lastRowFill\":true,\"collectionThumbRecomendedHeight\":150,\"externalLink\":false,\"captions\":false,\"collectionThumbSubMenuShare\":false,\"galleryType\":\"pgc_sgb_justified\",\"galleryId\":\"9bc27397\",\"images\":[{\"id\":691,\"title\":\"PHOTO-2025-09-23-15-02-26\",\"url\":\"https:\/\/et-si-st-lunaire.fr\/wp-content\/uploads\/2025\/09\/PHOTO-2025-09-23-15-02-26.jpg\",\"link\":\"https:\/\/et-si-st-lunaire.fr\/?attachment_id=691\",\"alt\":\"\",\"description\":\"\",\"caption\":\"\",\"mime\":\"image\/jpeg\",\"type\":\"image\",\"width\":1600,\"height\":1200,\"sizes\":{\"thumbnail\":{\"height\":150,\"width\":150,\"url\":\"https:\/\/et-si-st-lunaire.fr\/wp-content\/uploads\/2025\/09\/PHOTO-2025-09-23-15-02-26-150x150.jpg\",\"orientation\":\"landscape\"},\"medium\":{\"height\":225,\"width\":300,\"url\":\"https:\/\/et-si-st-lunaire.fr\/wp-content\/uploads\/2025\/09\/PHOTO-2025-09-23-15-02-26-300x225.jpg\",\"orientation\":\"landscape\"},\"large\":{\"height\":768,\"width\":1024,\"url\":\"https:\/\/et-si-st-lunaire.fr\/wp-content\/uploads\/2025\/09\/PHOTO-2025-09-23-15-02-26-1024x768.jpg\",\"orientation\":\"landscape\"},\"full\":{\"url\":\"https:\/\/et-si-st-lunaire.fr\/wp-content\/uploads\/2025\/09\/PHOTO-2025-09-23-15-02-26.jpg\",\"height\":1200,\"width\":1600,\"orientation\":\"landscape\"}},\"imageMeta\":{\"aperture\":\"0\",\"credit\":\"\",\"camera\":\"\",\"caption\":\"\",\"created_timestamp\":\"0\",\"copyright\":\"\",\"focal_length\":\"0\",\"iso\":\"0\",\"shutter_speed\":\"0\",\"title\":\"\",\"orientation\":\"0\",\"keywords\":[]},\"meta\":false,\"postlink\":\"https:\/\/et-si-st-lunaire.fr\/?attachment_id=691\"},{\"id\":690,\"title\":\"PHOTO-2025-09-23-15-03-01\",\"url\":\"https:\/\/et-si-st-lunaire.fr\/wp-content\/uploads\/2025\/09\/PHOTO-2025-09-23-15-03-01.jpg\",\"link\":\"https:\/\/et-si-st-lunaire.fr\/?attachment_id=690\",\"alt\":\"\",\"description\":\"\",\"caption\":\"\",\"mime\":\"image\/jpeg\",\"type\":\"image\",\"width\":1600,\"height\":1200,\"sizes\":{\"thumbnail\":{\"height\":150,\"width\":150,\"url\":\"https:\/\/et-si-st-lunaire.fr\/wp-content\/uploads\/2025\/09\/PHOTO-2025-09-23-15-03-01-150x150.jpg\",\"orientation\":\"landscape\"},\"medium\":{\"height\":225,\"width\":300,\"url\":\"https:\/\/et-si-st-lunaire.fr\/wp-content\/uploads\/2025\/09\/PHOTO-2025-09-23-15-03-01-300x225.jpg\",\"orientation\":\"landscape\"},\"large\":{\"height\":768,\"width\":1024,\"url\":\"https:\/\/et-si-st-lunaire.fr\/wp-content\/uploads\/2025\/09\/PHOTO-2025-09-23-15-03-01-1024x768.jpg\",\"orientation\":\"landscape\"},\"full\":{\"url\":\"https:\/\/et-si-st-lunaire.fr\/wp-content\/uploads\/2025\/09\/PHOTO-2025-09-23-15-03-01.jpg\",\"height\":1200,\"width\":1600,\"orientation\":\"landscape\"}},\"imageMeta\":{\"aperture\":\"0\",\"credit\":\"\",\"camera\":\"\",\"caption\":\"\",\"created_timestamp\":\"0\",\"copyright\":\"\",\"focal_length\":\"0\",\"iso\":\"0\",\"shutter_speed\":\"0\",\"title\":\"\",\"orientation\":\"0\",\"keywords\":[]},\"meta\":false,\"postlink\":\"https:\/\/et-si-st-lunaire.fr\/?attachment_id=690\"},{\"id\":689,\"title\":\"PHOTO-2025-09-23-15-03-39\",\"url\":\"https:\/\/et-si-st-lunaire.fr\/wp-content\/uploads\/2025\/09\/PHOTO-2025-09-23-15-03-39.jpg\",\"link\":\"https:\/\/et-si-st-lunaire.fr\/?attachment_id=689\",\"alt\":\"\",\"description\":\"\",\"caption\":\"\",\"mime\":\"image\/jpeg\",\"type\":\"image\",\"width\":1200,\"height\":1600,\"sizes\":{\"thumbnail\":{\"height\":150,\"width\":150,\"url\":\"https:\/\/et-si-st-lunaire.fr\/wp-content\/uploads\/2025\/09\/PHOTO-2025-09-23-15-03-39-150x150.jpg\",\"orientation\":\"landscape\"},\"medium\":{\"height\":300,\"width\":225,\"url\":\"https:\/\/et-si-st-lunaire.fr\/wp-content\/uploads\/2025\/09\/PHOTO-2025-09-23-15-03-39-225x300.jpg\",\"orientation\":\"portrait\"},\"large\":{\"height\":1024,\"width\":768,\"url\":\"https:\/\/et-si-st-lunaire.fr\/wp-content\/uploads\/2025\/09\/PHOTO-2025-09-23-15-03-39-768x1024.jpg\",\"orientation\":\"portrait\"},\"full\":{\"url\":\"https:\/\/et-si-st-lunaire.fr\/wp-content\/uploads\/2025\/09\/PHOTO-2025-09-23-15-03-39.jpg\",\"height\":1600,\"width\":1200,\"orientation\":\"portrait\"}},\"imageMeta\":{\"aperture\":\"0\",\"credit\":\"\",\"camera\":\"\",\"caption\":\"\",\"created_timestamp\":\"0\",\"copyright\":\"\",\"focal_length\":\"0\",\"iso\":\"0\",\"shutter_speed\":\"0\",\"title\":\"\",\"orientation\":\"0\",\"keywords\":[]},\"meta\":false,\"postlink\":\"https:\/\/et-si-st-lunaire.fr\/?attachment_id=689\"}],\"itemsMetaDataCollection\":[]}<\/script><script>(function(){if(window.PGC_SGB && window.PGC_SGB.searcher){window.PGC_SGB.searcher.initBlocks()}})()<\/script><\/div>\n\n\n<p>Karine, nouvelle adh\u00e9rente \u00e0 l&rsquo;association, nous raconte comment elle a v\u00e9cu cette apr\u00e8s-midi d&rsquo;accueil organis\u00e9e par l&rsquo;association.<\/p>\n\n\n\n<p class=\"has-text-align-right\"><a href=\"https:\/\/et-si-st-lunaire.fr\/?p=688\" data-type=\"post\" data-id=\"688\">Lire la suite&#8230;<\/a><\/p>\n\n\n\n<h4 class=\"wp-block-heading\">Retour sur les Cr\u00eapes Citoyennes du 23 juin 2025 sur la convivialit\u00e9<\/h4>\n\n\n<div class=\"pgc-sgb-cb wp-block-pgcsimplygalleryblock-grid \" data-gallery-id=\"9c323640\"><div class=\"sgb-preloader\" id=\"pr_9c323640\">\n\t<div class=\"sgb-square\" style=\"background:#d4d4d4\"><\/div>\n\t<div class=\"sgb-square\" style=\"background:#d4d4d4\"><\/div>\n\t<div class=\"sgb-square\" style=\"background:#d4d4d4\"><\/div>\n\t<div class=\"sgb-square\" style=\"background:#d4d4d4\"><\/div><\/div><div class=\"simply-gallery-amp pgc_sgb_slider \"><noscript><div class=\"sgb-gallery\"><div class=\"sgb-item\"><a href=\"https:\/\/et-si-st-lunaire.fr\/?attachment_id=624\" target=\"_blank\"><img decoding=\"async\" alt=\"\" width=\"300\" height=\"225\" loading=\"lazy\" src=\"https:\/\/et-si-st-lunaire.fr\/wp-content\/uploads\/2025\/07\/IMG_0213-300x225.jpg\" srcset=\"https:\/\/et-si-st-lunaire.fr\/wp-content\/uploads\/2025\/07\/IMG_0213-300x225.jpg 300w,https:\/\/et-si-st-lunaire.fr\/wp-content\/uploads\/2025\/07\/IMG_0213-1024x768.jpg 1024w,https:\/\/et-si-st-lunaire.fr\/wp-content\/uploads\/2025\/07\/IMG_0213.jpg 2048w\" sizes=\"auto, 250px\"\/><\/a><\/div><div class=\"sgb-item\"><a href=\"https:\/\/et-si-st-lunaire.fr\/?attachment_id=633\" target=\"_blank\"><img decoding=\"async\" alt=\"\" width=\"225\" height=\"300\" loading=\"lazy\" src=\"https:\/\/et-si-st-lunaire.fr\/wp-content\/uploads\/2025\/07\/IMG_0122-225x300.jpg\" srcset=\"https:\/\/et-si-st-lunaire.fr\/wp-content\/uploads\/2025\/07\/IMG_0122-225x300.jpg 225w,https:\/\/et-si-st-lunaire.fr\/wp-content\/uploads\/2025\/07\/IMG_0122-768x1024.jpg 768w,https:\/\/et-si-st-lunaire.fr\/wp-content\/uploads\/2025\/07\/IMG_0122.jpg 1512w\" sizes=\"auto, 250px\"\/><\/a><\/div><div class=\"sgb-item\"><a href=\"https:\/\/et-si-st-lunaire.fr\/?attachment_id=644\" target=\"_blank\"><img decoding=\"async\" alt=\"\" width=\"300\" height=\"225\" loading=\"lazy\" src=\"https:\/\/et-si-st-lunaire.fr\/wp-content\/uploads\/2025\/07\/IMG_0222-300x225.jpg\" srcset=\"https:\/\/et-si-st-lunaire.fr\/wp-content\/uploads\/2025\/07\/IMG_0222-300x225.jpg 300w,https:\/\/et-si-st-lunaire.fr\/wp-content\/uploads\/2025\/07\/IMG_0222-1024x768.jpg 1024w,https:\/\/et-si-st-lunaire.fr\/wp-content\/uploads\/2025\/07\/IMG_0222.jpg 2048w\" sizes=\"auto, 250px\"\/><\/a><\/div><div class=\"sgb-item\"><a href=\"https:\/\/et-si-st-lunaire.fr\/?attachment_id=619\" target=\"_blank\"><img decoding=\"async\" alt=\"\" width=\"300\" height=\"225\" loading=\"lazy\" src=\"https:\/\/et-si-st-lunaire.fr\/wp-content\/uploads\/2025\/07\/IMG_0218-300x225.jpg\" srcset=\"https:\/\/et-si-st-lunaire.fr\/wp-content\/uploads\/2025\/07\/IMG_0218-300x225.jpg 300w,https:\/\/et-si-st-lunaire.fr\/wp-content\/uploads\/2025\/07\/IMG_0218-1024x768.jpg 1024w,https:\/\/et-si-st-lunaire.fr\/wp-content\/uploads\/2025\/07\/IMG_0218.jpg 2048w\" sizes=\"auto, 250px\"\/><\/a><\/div><\/div><\/noscript><\/div><script type=\"application\/json\" class=\"sgb-data\">{\"collectionColumns\":4,\"collectionThumbRecomendedWidth\":150,\"externalLink\":false,\"captions\":false,\"collectionThumbSubMenuShare\":false,\"galleryType\":\"pgc_sgb_grid\",\"galleryId\":\"9c323640\",\"images\":[{\"id\":624,\"title\":\"IMG_0213\",\"url\":\"https:\/\/et-si-st-lunaire.fr\/wp-content\/uploads\/2025\/07\/IMG_0213.jpg\",\"link\":\"https:\/\/et-si-st-lunaire.fr\/?attachment_id=624\",\"alt\":\"\",\"description\":\"\",\"caption\":\"\",\"mime\":\"image\/jpeg\",\"type\":\"image\",\"width\":2048,\"height\":1536,\"sizes\":{\"thumbnail\":{\"height\":150,\"width\":150,\"url\":\"https:\/\/et-si-st-lunaire.fr\/wp-content\/uploads\/2025\/07\/IMG_0213-150x150.jpg\",\"orientation\":\"landscape\"},\"medium\":{\"height\":225,\"width\":300,\"url\":\"https:\/\/et-si-st-lunaire.fr\/wp-content\/uploads\/2025\/07\/IMG_0213-300x225.jpg\",\"orientation\":\"landscape\"},\"large\":{\"height\":768,\"width\":1024,\"url\":\"https:\/\/et-si-st-lunaire.fr\/wp-content\/uploads\/2025\/07\/IMG_0213-1024x768.jpg\",\"orientation\":\"landscape\"},\"full\":{\"url\":\"https:\/\/et-si-st-lunaire.fr\/wp-content\/uploads\/2025\/07\/IMG_0213.jpg\",\"height\":1536,\"width\":2048,\"orientation\":\"landscape\"}},\"imageMeta\":{\"aperture\":\"0\",\"credit\":\"\",\"camera\":\"\",\"caption\":\"\",\"created_timestamp\":\"0\",\"copyright\":\"\",\"focal_length\":\"0\",\"iso\":\"0\",\"shutter_speed\":\"0\",\"title\":\"\",\"orientation\":\"1\",\"keywords\":[]},\"meta\":false,\"postlink\":\"https:\/\/et-si-st-lunaire.fr\/?attachment_id=624\"},{\"id\":633,\"title\":\"IMG_0122\",\"url\":\"https:\/\/et-si-st-lunaire.fr\/wp-content\/uploads\/2025\/07\/IMG_0122.jpg\",\"link\":\"https:\/\/et-si-st-lunaire.fr\/?attachment_id=633\",\"alt\":\"\",\"description\":\"\",\"caption\":\"\",\"mime\":\"image\/jpeg\",\"type\":\"image\",\"width\":1512,\"height\":2016,\"sizes\":{\"thumbnail\":{\"height\":150,\"width\":150,\"url\":\"https:\/\/et-si-st-lunaire.fr\/wp-content\/uploads\/2025\/07\/IMG_0122-150x150.jpg\",\"orientation\":\"landscape\"},\"medium\":{\"height\":300,\"width\":225,\"url\":\"https:\/\/et-si-st-lunaire.fr\/wp-content\/uploads\/2025\/07\/IMG_0122-225x300.jpg\",\"orientation\":\"portrait\"},\"large\":{\"height\":1024,\"width\":768,\"url\":\"https:\/\/et-si-st-lunaire.fr\/wp-content\/uploads\/2025\/07\/IMG_0122-768x1024.jpg\",\"orientation\":\"portrait\"},\"full\":{\"url\":\"https:\/\/et-si-st-lunaire.fr\/wp-content\/uploads\/2025\/07\/IMG_0122.jpg\",\"height\":2016,\"width\":1512,\"orientation\":\"portrait\"}},\"imageMeta\":{\"aperture\":\"1.8\",\"credit\":\"\",\"camera\":\"iPhone XS\",\"caption\":\"\",\"created_timestamp\":\"1750702807\",\"copyright\":\"\",\"focal_length\":\"4.25\",\"iso\":\"25\",\"shutter_speed\":\"0.0008298755186722\",\"title\":\"\",\"orientation\":\"1\",\"keywords\":[]},\"meta\":false,\"postlink\":\"https:\/\/et-si-st-lunaire.fr\/?attachment_id=633\"},{\"id\":644,\"title\":\"IMG_0222\",\"url\":\"https:\/\/et-si-st-lunaire.fr\/wp-content\/uploads\/2025\/07\/IMG_0222.jpg\",\"link\":\"https:\/\/et-si-st-lunaire.fr\/?attachment_id=644\",\"alt\":\"\",\"description\":\"\",\"caption\":\"\",\"mime\":\"image\/jpeg\",\"type\":\"image\",\"width\":2048,\"height\":1536,\"sizes\":{\"thumbnail\":{\"height\":150,\"width\":150,\"url\":\"https:\/\/et-si-st-lunaire.fr\/wp-content\/uploads\/2025\/07\/IMG_0222-150x150.jpg\",\"orientation\":\"landscape\"},\"medium\":{\"height\":225,\"width\":300,\"url\":\"https:\/\/et-si-st-lunaire.fr\/wp-content\/uploads\/2025\/07\/IMG_0222-300x225.jpg\",\"orientation\":\"landscape\"},\"large\":{\"height\":768,\"width\":1024,\"url\":\"https:\/\/et-si-st-lunaire.fr\/wp-content\/uploads\/2025\/07\/IMG_0222-1024x768.jpg\",\"orientation\":\"landscape\"},\"full\":{\"url\":\"https:\/\/et-si-st-lunaire.fr\/wp-content\/uploads\/2025\/07\/IMG_0222.jpg\",\"height\":1536,\"width\":2048,\"orientation\":\"landscape\"}},\"imageMeta\":{\"aperture\":\"0\",\"credit\":\"\",\"camera\":\"\",\"caption\":\"\",\"created_timestamp\":\"0\",\"copyright\":\"\",\"focal_length\":\"0\",\"iso\":\"0\",\"shutter_speed\":\"0\",\"title\":\"\",\"orientation\":\"1\",\"keywords\":[]},\"meta\":false,\"postlink\":\"https:\/\/et-si-st-lunaire.fr\/?attachment_id=644\"},{\"id\":619,\"title\":\"IMG_0218\",\"url\":\"https:\/\/et-si-st-lunaire.fr\/wp-content\/uploads\/2025\/07\/IMG_0218.jpg\",\"link\":\"https:\/\/et-si-st-lunaire.fr\/?attachment_id=619\",\"alt\":\"\",\"description\":\"\",\"caption\":\"\",\"mime\":\"image\/jpeg\",\"type\":\"image\",\"width\":2048,\"height\":1536,\"sizes\":{\"thumbnail\":{\"height\":150,\"width\":150,\"url\":\"https:\/\/et-si-st-lunaire.fr\/wp-content\/uploads\/2025\/07\/IMG_0218-150x150.jpg\",\"orientation\":\"landscape\"},\"medium\":{\"height\":225,\"width\":300,\"url\":\"https:\/\/et-si-st-lunaire.fr\/wp-content\/uploads\/2025\/07\/IMG_0218-300x225.jpg\",\"orientation\":\"landscape\"},\"large\":{\"height\":768,\"width\":1024,\"url\":\"https:\/\/et-si-st-lunaire.fr\/wp-content\/uploads\/2025\/07\/IMG_0218-1024x768.jpg\",\"orientation\":\"landscape\"},\"full\":{\"url\":\"https:\/\/et-si-st-lunaire.fr\/wp-content\/uploads\/2025\/07\/IMG_0218.jpg\",\"height\":1536,\"width\":2048,\"orientation\":\"landscape\"}},\"imageMeta\":{\"aperture\":\"0\",\"credit\":\"\",\"camera\":\"\",\"caption\":\"\",\"created_timestamp\":\"0\",\"copyright\":\"\",\"focal_length\":\"0\",\"iso\":\"0\",\"shutter_speed\":\"0\",\"title\":\"\",\"orientation\":\"1\",\"keywords\":[]},\"meta\":false,\"postlink\":\"https:\/\/et-si-st-lunaire.fr\/?attachment_id=619\"}],\"itemsMetaDataCollection\":[]}<\/script><script>(function(){if(window.PGC_SGB && window.PGC_SGB.searcher){window.PGC_SGB.searcher.initBlocks()}})()<\/script><\/div>\n\n\n<p>Nous \u00e9tions pr\u00e8s de 80 lunairiennes et lunairiens \u00e0 nous r\u00e9unir \u00e0 la Cr\u00eaperie de l&rsquo;Amiraut\u00e9 pour r\u00e9fl\u00e9chir ensemble \u00e0 comment r\u00e9inventer la convivialit\u00e9 \u00e0 Saint-Lunaire, pour une ville plus vivante au quotidien et toute l&rsquo;ann\u00e9e.<\/p>\n\n\n\n<p class=\"has-text-align-right\"><a href=\"https:\/\/et-si-st-lunaire.fr\/?page_id=618\" data-type=\"page\" data-id=\"618\">Lire la suite&#8230;<\/a><\/p>\n\n\n\n<h4 class=\"wp-block-heading\">Retour sur le Forum Citoyen<\/h4>\n\n\n\n<figure class=\"wp-block-image size-large\"><a href=\"https:\/\/et-si-st-lunaire.fr\/?page_id=514\"><img loading=\"lazy\" decoding=\"async\" width=\"1024\" height=\"684\" src=\"https:\/\/et-si-st-lunaire.fr\/wp-content\/uploads\/2025\/05\/ambiance-2-1024x684.jpg\" alt=\"\" class=\"wp-image-543\" srcset=\"https:\/\/et-si-st-lunaire.fr\/wp-content\/uploads\/2025\/05\/ambiance-2-1024x684.jpg 1024w, https:\/\/et-si-st-lunaire.fr\/wp-content\/uploads\/2025\/05\/ambiance-2-300x200.jpg 300w, https:\/\/et-si-st-lunaire.fr\/wp-content\/uploads\/2025\/05\/ambiance-2-768x513.jpg 768w, https:\/\/et-si-st-lunaire.fr\/wp-content\/uploads\/2025\/05\/ambiance-2-1536x1025.jpg 1536w, https:\/\/et-si-st-lunaire.fr\/wp-content\/uploads\/2025\/05\/ambiance-2.jpg 2048w\" sizes=\"auto, (max-width: 1024px) 100vw, 1024px\" \/><\/a><\/figure>\n\n\n\n<p class=\"has-text-align-left has-ar-one-sans-font-family\" style=\"line-height:1.5\">Le <a href=\"https:\/\/et-si-st-lunaire.fr\/?page_id=514\" data-type=\"page\" data-id=\"514\">Forum Citoyen<\/a> du 27 avril fut un v\u00e9ritable succ\u00e8s, merci \u00e0 tous les participants et toutes les participantes d&rsquo;\u00eatre venu\u2022es exprimer leurs opinions, partager leurs id\u00e9es et \u00e9changer sur une vision citoyenne pour Saint-Lunaire.<\/p>\n\n\n\n<p class=\"has-text-align-right has-custom-bleu-marine-color has-text-color has-link-color wp-elements-6b3f6d55f6036c53f2d4fb2f0d201a4b\" style=\"line-height:1.2\"><a href=\"https:\/\/et-si-st-lunaire.fr\/?page_id=514\" data-type=\"page\" data-id=\"514\">Lire la suite&#8230;<\/a><\/p>\n<\/div>\n","protected":false},"excerpt":{"rendered":"<p>La d\u00e9mocratie participative permet de repenser la vie locale, en donnant la parole \u00e0 toutes et tous, pour faire face ensemble aux d\u00e9fis de notre \u00e9poque. C&rsquo;est pr\u00e9cis\u00e9ment l\u2019objectif de l\u2019association Et si Saint-Lunaire c\u2019\u00e9tait Vous\u2026 : faire de Saint-Lunaire un espace de d\u00e9mocratie locale r\u00e9invent\u00e9e par ses habitantes et habitants. Rencontres, d\u00e9bats, \u00e9v\u00e9nements citoyens\u2026 [&hellip;]<\/p>\n","protected":false},"author":1,"featured_media":0,"parent":0,"menu_order":0,"comment_status":"closed","ping_status":"closed","template":"","meta":{"pgc_sgb_lightbox_settings":"","footnotes":""},"class_list":["post-126","page","type-page","status-publish","hentry"],"_links":{"self":[{"href":"https:\/\/et-si-st-lunaire.fr\/index.php?rest_route=\/wp\/v2\/pages\/126","targetHints":{"allow":["GET"]}}],"collection":[{"href":"https:\/\/et-si-st-lunaire.fr\/index.php?rest_route=\/wp\/v2\/pages"}],"about":[{"href":"https:\/\/et-si-st-lunaire.fr\/index.php?rest_route=\/wp\/v2\/types\/page"}],"author":[{"embeddable":true,"href":"https:\/\/et-si-st-lunaire.fr\/index.php?rest_route=\/wp\/v2\/users\/1"}],"replies":[{"embeddable":true,"href":"https:\/\/et-si-st-lunaire.fr\/index.php?rest_route=%2Fwp%2Fv2%2Fcomments&post=126"}],"version-history":[{"count":217,"href":"https:\/\/et-si-st-lunaire.fr\/index.php?rest_route=\/wp\/v2\/pages\/126\/revisions"}],"predecessor-version":[{"id":764,"href":"https:\/\/et-si-st-lunaire.fr\/index.php?rest_route=\/wp\/v2\/pages\/126\/revisions\/764"}],"wp:attachment":[{"href":"https:\/\/et-si-st-lunaire.fr\/index.php?rest_route=%2Fwp%2Fv2%2Fmedia&parent=126"}],"curies":[{"name":"wp","href":"https:\/\/api.w.org\/{rel}","templated":true}]}}