{"id":124,"date":"2025-03-15T14:51:33","date_gmt":"2025-03-15T13:51:33","guid":{"rendered":"https:\/\/et-si-st-lunaire.fr\/?page_id=124"},"modified":"2026-03-30T21:54:43","modified_gmt":"2026-03-30T19:54:43","slug":"lassociation","status":"publish","type":"page","link":"https:\/\/et-si-st-lunaire.fr\/?page_id=124","title":{"rendered":"l&rsquo;association"},"content":{"rendered":"\n<div class=\"wp-block-group alignfull has-global-padding is-layout-constrained wp-container-core-group-is-layout-efb6bcc5 wp-block-group-is-layout-constrained\" style=\"padding-top:var(--wp--preset--spacing--20);padding-right:var(--wp--preset--spacing--50);padding-bottom:var(--wp--preset--spacing--20);padding-left:var(--wp--preset--spacing--50)\">\n<div class=\"wp-block-group alignfull has-global-padding is-layout-constrained wp-container-core-group-is-layout-c95ce709 wp-block-group-is-layout-constrained\">\n<h3 class=\"wp-block-heading has-text-align-center\">Et Si Saint-Lunaire C\u2019\u00e9tait Vous\u2026<\/h3>\n\n\n\n<div style=\"height:2rem\" aria-hidden=\"true\" class=\"wp-block-spacer\"><\/div>\n\n\n\n<div class=\"wp-block-group is-vertical is-content-justification-center is-layout-flex wp-container-core-group-is-layout-77c3fd03 wp-block-group-is-layout-flex\">\n<p class=\"has-text-align-left\">Oui, Saint-Lunaire, c\u2019est vous, d\u2019abord et avant tout, ses habitantes et habitants. C\u2019est votre voix, votre \u00e9nergie et vos actions qui font de cette ville un lieu unique.<\/p>\n\n\n\n<p class=\"has-text-align-left\">Dans un contexte national et international de plus en plus incertain, notre pouvoir d\u2019agir se situe au niveau local. Plus que jamais, notre avenir repose sur notre capacit\u00e9 \u00e0 organiser collectivement la vie de notre commune dans un esprit de solidarit\u00e9. Chaque Lunairienne et chaque Lunairien doit pouvoir trouver sa place et se sentir \u00e9cout\u00e9 et respect\u00e9.<\/p>\n\n\n\n<p class=\"has-text-align-left\">La <a href=\"https:\/\/et-si-st-lunaire.fr\/?p=306\" data-type=\"post\" data-id=\"306\" target=\"_blank\" rel=\"noreferrer noopener\">d\u00e9mocratie participative<\/a> permet de repenser la vie locale, en donnant la parole \u00e0 toutes et tous, pour faire face ensemble aux d\u00e9fis de notre \u00e9poque.<\/p>\n\n\n\n<p class=\"has-text-align-left\">C&rsquo;est pr\u00e9cis\u00e9ment l\u2019objectif de l\u2019association <strong>Et Si Saint-Lunaire C\u2019\u00e9tait Vous\u2026<\/strong> : faire de Saint-Lunaire un espace de d\u00e9mocratie locale r\u00e9invent\u00e9e par ses habitantes et habitants. Rencontres, d\u00e9bats, \u00e9v\u00e9nements citoyens\u2026 \u00c9coutons-nous, tissons des liens, imaginons le Saint-Lunaire de demain, en toute libert\u00e9 !<\/p>\n\n\n\n<p class=\"has-text-align-left\">L\u2019intention est d\u2019aboutir, au fil des rencontres, \u00e0 l\u2019\u00e9laboration collective d\u2019un programme concret et de rendre possible l\u2019\u00e9mergence d\u2019une liste citoyenne pour les \u00e9lections municipales de 2026.<\/p>\n\n\n\n<p class=\"has-text-align-left\">Embarquons ensemble dans cette aventure humaine o\u00f9 vous serez actrices et acteurs de ce mieux vivre ensemble au quotidien, parce que Saint-Lunaire c\u2019est vous !<\/p>\n\n\n\n<div class=\"wp-block-buttons is-layout-flex wp-block-buttons-is-layout-flex\">\n<div class=\"wp-block-button\"><a class=\"wp-block-button__link wp-element-button\" href=\"https:\/\/et-si-st-lunaire.fr\/wp-content\/uploads\/2026\/03\/Bulletin-adhesion-2026.pdf\" style=\"padding-top:var(--wp--preset--spacing--10);padding-bottom:var(--wp--preset--spacing--10)\" target=\"_blank\" rel=\"noreferrer noopener\">Bulletin d&rsquo;adh\u00e9sion<\/a><\/div>\n<\/div>\n\n\n\n<div class=\"wp-block-file\"><a id=\"wp-block-file--media-98c2c8d5-165e-4250-99ab-f6b26b94fc8f\" href=\"https:\/\/et-si-st-lunaire.fr\/wp-content\/uploads\/2025\/03\/Statuts.pdf\" target=\"_blank\" rel=\"noreferrer noopener\">Statuts de l&rsquo;association<\/a><\/div>\n\n\n\n<div class=\"wp-block-file\"><a id=\"wp-block-file--media-e56ed907-f841-40a1-ad46-ac6a9cb185e1\" href=\"https:\/\/et-si-st-lunaire.fr\/wp-content\/uploads\/2025\/09\/JOAFE_PDF_Unitaire_20250004_00904.pdf\" target=\"_blank\" rel=\"noreferrer noopener\">Journal officiel des associations \u2013 Cr\u00e9ation de l&rsquo;association <strong>Et si Saint-Lunaire c&rsquo;\u00e9tait Vous&#8230;<\/strong><\/a><\/div>\n<\/div>\n<\/div>\n\n\n\n<hr class=\"wp-block-separator has-alpha-channel-opacity is-style-wide\" style=\"margin-top:var(--wp--preset--spacing--50);margin-bottom:var(--wp--preset--spacing--50)\"\/>\n\n\n\n<div class=\"wp-block-group alignfull has-global-padding is-layout-constrained wp-container-core-group-is-layout-d3dfb2e6 wp-block-group-is-layout-constrained\">\n<p>L&rsquo;association <strong>Et si Saint-Lunaire c&rsquo;\u00e9tait Vous&#8230;<\/strong> s&rsquo;est construite avec un mode de gouvernance partag\u00e9e. Voici les membres du coll\u00e8ge qui en assurent la gestion collective :<\/p>\n\n\n\n<ul class=\"wp-block-list\">\n<li>Cyrille Berthet (<em>Les Hayes<\/em>)<\/li>\n\n\n\n<li>Flavie Caulier (<em>Le Clos Loquen<\/em>)<\/li>\n\n\n\n<li>Xavier Crouan (<em>La Ville Even<\/em>)<\/li>\n\n\n\n<li>Jacques Daniel (<em>Pont Briand<\/em>)<\/li>\n\n\n\n<li>Marine Daniel (<em><em>Pont Briand<\/em><\/em>)<\/li>\n\n\n\n<li>Alain Gardet (<em>Le Tertre aux Sc\u00e8nes<\/em>)<\/li>\n\n\n\n<li>Marie Geffroy (<em>La Ville Agan<\/em>)<\/li>\n\n\n\n<li>Muriel Hassani (<em>Le Tertre aux Sc\u00e8nes<\/em>)<\/li>\n\n\n\n<li>Helga Sobota (<em>La Rabine<\/em>)<\/li>\n\n\n\n<li>Jean-Baptiste Tr\u00e9glos (<em>La Ville Agan<\/em>)<\/li>\n\n\n\n<li>Gwena\u00eblle Troude (<em>La Ville G\u00e9han<\/em>)<\/li>\n\n\n\n<li>Lilian Giron (<em>La Ville Even<\/em>)<\/li>\n<\/ul>\n\n\n\n<div class=\"wp-block-group has-global-padding is-layout-constrained wp-block-group-is-layout-constrained\"><div class=\"pgc-sgb-cb wp-block-pgcsimplygalleryblock-justified \" data-gallery-id=\"01660914\"><div class=\"sgb-preloader\" id=\"pr_01660914\">\n\t<div class=\"sgb-square\" style=\"background:#d4d4d4\"><\/div>\n\t<div class=\"sgb-square\" style=\"background:#d4d4d4\"><\/div>\n\t<div class=\"sgb-square\" style=\"background:#d4d4d4\"><\/div>\n\t<div class=\"sgb-square\" style=\"background:#d4d4d4\"><\/div><\/div><div class=\"simply-gallery-amp pgc_sgb_slider \"><noscript><div class=\"sgb-gallery\"><div class=\"sgb-item\"><a href=\"https:\/\/et-si-st-lunaire.fr\/?attachment_id=492\" target=\"_blank\"><img decoding=\"async\" alt=\"\" width=\"300\" height=\"200\" loading=\"lazy\" src=\"https:\/\/et-si-st-lunaire.fr\/wp-content\/uploads\/2025\/03\/groupe1_1024-1-300x200.jpg\" srcset=\"https:\/\/et-si-st-lunaire.fr\/wp-content\/uploads\/2025\/03\/groupe1_1024-1-300x200.jpg 300w,https:\/\/et-si-st-lunaire.fr\/wp-content\/uploads\/2025\/03\/groupe1_1024-1-1024x683.jpg 1024w,https:\/\/et-si-st-lunaire.fr\/wp-content\/uploads\/2025\/03\/groupe1_1024-1.jpg 1535w\" sizes=\"auto, 250px\"\/><\/a><\/div><div class=\"sgb-item\"><a href=\"https:\/\/et-si-st-lunaire.fr\/?attachment_id=490\" target=\"_blank\"><img decoding=\"async\" alt=\"\" width=\"300\" height=\"225\" loading=\"lazy\" src=\"https:\/\/et-si-st-lunaire.fr\/wp-content\/uploads\/2025\/03\/odorico-helga_1024-300x225.jpg\" srcset=\"https:\/\/et-si-st-lunaire.fr\/wp-content\/uploads\/2025\/03\/odorico-helga_1024-300x225.jpg 300w,https:\/\/et-si-st-lunaire.fr\/wp-content\/uploads\/2025\/03\/odorico-helga_1024-1024x768.jpg 1024w,https:\/\/et-si-st-lunaire.fr\/wp-content\/uploads\/2025\/03\/odorico-helga_1024.jpg 1365w\" sizes=\"auto, 250px\"\/><\/a><\/div><div class=\"sgb-item\"><a href=\"https:\/\/et-si-st-lunaire.fr\/?attachment_id=491\" target=\"_blank\"><img decoding=\"async\" alt=\"\" width=\"300\" height=\"225\" loading=\"lazy\" src=\"https:\/\/et-si-st-lunaire.fr\/wp-content\/uploads\/2025\/03\/cale-helga_1024-300x225.jpg\" srcset=\"https:\/\/et-si-st-lunaire.fr\/wp-content\/uploads\/2025\/03\/cale-helga_1024-300x225.jpg 300w,https:\/\/et-si-st-lunaire.fr\/wp-content\/uploads\/2025\/03\/cale-helga_1024-1024x768.jpg 1024w,https:\/\/et-si-st-lunaire.fr\/wp-content\/uploads\/2025\/03\/cale-helga_1024.jpg 1365w\" sizes=\"auto, 250px\"\/><\/a><\/div><\/div><\/noscript><\/div><script type=\"application\/json\" class=\"sgb-data\">{\"lastRowFill\":true,\"collectionThumbMiniScreenScale\":true,\"externalLink\":false,\"captions\":false,\"collectionThumbSubMenuDownload\":false,\"collectionThumbSubMenuShare\":false,\"galleryType\":\"pgc_sgb_justified\",\"galleryId\":\"01660914\",\"images\":[{\"id\":492,\"title\":\"groupe1_1024\",\"url\":\"https:\/\/et-si-st-lunaire.fr\/wp-content\/uploads\/2025\/03\/groupe1_1024-1.jpg\",\"link\":\"https:\/\/et-si-st-lunaire.fr\/?attachment_id=492\",\"alt\":\"\",\"description\":\"\",\"caption\":\"\",\"mime\":\"image\/jpeg\",\"type\":\"image\",\"width\":1535,\"height\":1024,\"sizes\":{\"thumbnail\":{\"height\":150,\"width\":150,\"url\":\"https:\/\/et-si-st-lunaire.fr\/wp-content\/uploads\/2025\/03\/groupe1_1024-1-150x150.jpg\",\"orientation\":\"landscape\"},\"medium\":{\"height\":200,\"width\":300,\"url\":\"https:\/\/et-si-st-lunaire.fr\/wp-content\/uploads\/2025\/03\/groupe1_1024-1-300x200.jpg\",\"orientation\":\"landscape\"},\"large\":{\"height\":683,\"width\":1024,\"url\":\"https:\/\/et-si-st-lunaire.fr\/wp-content\/uploads\/2025\/03\/groupe1_1024-1-1024x683.jpg\",\"orientation\":\"landscape\"},\"full\":{\"url\":\"https:\/\/et-si-st-lunaire.fr\/wp-content\/uploads\/2025\/03\/groupe1_1024-1.jpg\",\"height\":1024,\"width\":1535,\"orientation\":\"landscape\"}},\"imageMeta\":{\"aperture\":\"0\",\"credit\":\"\",\"camera\":\"\",\"caption\":\"\",\"created_timestamp\":\"0\",\"copyright\":\"\",\"focal_length\":\"0\",\"iso\":\"0\",\"shutter_speed\":\"0\",\"title\":\"\",\"orientation\":\"0\",\"keywords\":[]},\"meta\":false,\"postlink\":\"https:\/\/et-si-st-lunaire.fr\/?attachment_id=492\"},{\"id\":490,\"title\":\"odorico-helga_1024\",\"url\":\"https:\/\/et-si-st-lunaire.fr\/wp-content\/uploads\/2025\/03\/odorico-helga_1024.jpg\",\"link\":\"https:\/\/et-si-st-lunaire.fr\/?attachment_id=490\",\"alt\":\"\",\"description\":\"\",\"caption\":\"\",\"mime\":\"image\/jpeg\",\"type\":\"image\",\"width\":1365,\"height\":1024,\"sizes\":{\"thumbnail\":{\"height\":150,\"width\":150,\"url\":\"https:\/\/et-si-st-lunaire.fr\/wp-content\/uploads\/2025\/03\/odorico-helga_1024-150x150.jpg\",\"orientation\":\"landscape\"},\"medium\":{\"height\":225,\"width\":300,\"url\":\"https:\/\/et-si-st-lunaire.fr\/wp-content\/uploads\/2025\/03\/odorico-helga_1024-300x225.jpg\",\"orientation\":\"landscape\"},\"large\":{\"height\":768,\"width\":1024,\"url\":\"https:\/\/et-si-st-lunaire.fr\/wp-content\/uploads\/2025\/03\/odorico-helga_1024-1024x768.jpg\",\"orientation\":\"landscape\"},\"full\":{\"url\":\"https:\/\/et-si-st-lunaire.fr\/wp-content\/uploads\/2025\/03\/odorico-helga_1024.jpg\",\"height\":1024,\"width\":1365,\"orientation\":\"landscape\"}},\"imageMeta\":{\"aperture\":\"0\",\"credit\":\"\",\"camera\":\"\",\"caption\":\"\",\"created_timestamp\":\"0\",\"copyright\":\"\",\"focal_length\":\"0\",\"iso\":\"0\",\"shutter_speed\":\"0\",\"title\":\"\",\"orientation\":\"0\",\"keywords\":[]},\"meta\":false,\"postlink\":\"https:\/\/et-si-st-lunaire.fr\/?attachment_id=490\"},{\"id\":491,\"title\":\"cale-helga_1024\",\"url\":\"https:\/\/et-si-st-lunaire.fr\/wp-content\/uploads\/2025\/03\/cale-helga_1024.jpg\",\"link\":\"https:\/\/et-si-st-lunaire.fr\/?attachment_id=491\",\"alt\":\"\",\"description\":\"\",\"caption\":\"\",\"mime\":\"image\/jpeg\",\"type\":\"image\",\"width\":1365,\"height\":1024,\"sizes\":{\"thumbnail\":{\"height\":150,\"width\":150,\"url\":\"https:\/\/et-si-st-lunaire.fr\/wp-content\/uploads\/2025\/03\/cale-helga_1024-150x150.jpg\",\"orientation\":\"landscape\"},\"medium\":{\"height\":225,\"width\":300,\"url\":\"https:\/\/et-si-st-lunaire.fr\/wp-content\/uploads\/2025\/03\/cale-helga_1024-300x225.jpg\",\"orientation\":\"landscape\"},\"large\":{\"height\":768,\"width\":1024,\"url\":\"https:\/\/et-si-st-lunaire.fr\/wp-content\/uploads\/2025\/03\/cale-helga_1024-1024x768.jpg\",\"orientation\":\"landscape\"},\"full\":{\"url\":\"https:\/\/et-si-st-lunaire.fr\/wp-content\/uploads\/2025\/03\/cale-helga_1024.jpg\",\"height\":1024,\"width\":1365,\"orientation\":\"landscape\"}},\"imageMeta\":{\"aperture\":\"0\",\"credit\":\"\",\"camera\":\"\",\"caption\":\"\",\"created_timestamp\":\"0\",\"copyright\":\"\",\"focal_length\":\"0\",\"iso\":\"0\",\"shutter_speed\":\"0\",\"title\":\"\",\"orientation\":\"0\",\"keywords\":[]},\"meta\":false,\"postlink\":\"https:\/\/et-si-st-lunaire.fr\/?attachment_id=491\"}],\"shareFacebook\":false,\"shareTwitter\":false,\"sharePinterest\":false,\"sliderItemDownload\":false,\"shareCopyLink\":false,\"sliderItemTitleEnable\":false,\"sliderThumbBarEnable\":false,\"sliderSlideshow\":false,\"sliderSocialShareEnabled\":false,\"sliderZoomEnable\":false,\"sliderFullscreenEnabled\":false,\"itemsMetaDataCollection\":[]}<\/script><script>(function(){if(window.PGC_SGB && window.PGC_SGB.searcher){window.PGC_SGB.searcher.initBlocks()}})()<\/script><\/div><\/div>\n<\/div>\n<\/div>\n","protected":false},"excerpt":{"rendered":"<p>Et Si Saint-Lunaire C\u2019\u00e9tait Vous\u2026 Oui, Saint-Lunaire, c\u2019est vous, d\u2019abord et avant tout, ses habitantes et habitants. C\u2019est votre voix, votre \u00e9nergie et vos actions qui font de cette ville un lieu unique. Dans un contexte national et international de plus en plus incertain, notre pouvoir d\u2019agir se situe au niveau local. Plus que jamais, [&hellip;]<\/p>\n","protected":false},"author":1,"featured_media":0,"parent":0,"menu_order":0,"comment_status":"closed","ping_status":"closed","template":"","meta":{"pgc_sgb_lightbox_settings":"","footnotes":""},"class_list":["post-124","page","type-page","status-publish","hentry"],"_links":{"self":[{"href":"https:\/\/et-si-st-lunaire.fr\/index.php?rest_route=\/wp\/v2\/pages\/124","targetHints":{"allow":["GET"]}}],"collection":[{"href":"https:\/\/et-si-st-lunaire.fr\/index.php?rest_route=\/wp\/v2\/pages"}],"about":[{"href":"https:\/\/et-si-st-lunaire.fr\/index.php?rest_route=\/wp\/v2\/types\/page"}],"author":[{"embeddable":true,"href":"https:\/\/et-si-st-lunaire.fr\/index.php?rest_route=\/wp\/v2\/users\/1"}],"replies":[{"embeddable":true,"href":"https:\/\/et-si-st-lunaire.fr\/index.php?rest_route=%2Fwp%2Fv2%2Fcomments&post=124"}],"version-history":[{"count":75,"href":"https:\/\/et-si-st-lunaire.fr\/index.php?rest_route=\/wp\/v2\/pages\/124\/revisions"}],"predecessor-version":[{"id":771,"href":"https:\/\/et-si-st-lunaire.fr\/index.php?rest_route=\/wp\/v2\/pages\/124\/revisions\/771"}],"wp:attachment":[{"href":"https:\/\/et-si-st-lunaire.fr\/index.php?rest_route=%2Fwp%2Fv2%2Fmedia&parent=124"}],"curies":[{"name":"wp","href":"https:\/\/api.w.org\/{rel}","templated":true}]}}